{"version":"1.0","provider_name":"Amsterdam Air","provider_url":"https:\/\/www.amsterdamair.fr\/blog","author_name":"Bruno Duval","author_url":"https:\/\/www.amsterdamair.fr\/blog\/author\/bruno-duval\/","title":"Pollution de l'air : la solution du v\u00e9lo - Amsterdam Air","type":"rich","width":600,"height":338,"html":"<blockquote class=\"wp-embedded-content\" data-secret=\"X23orVTF0j\"><a href=\"https:\/\/www.amsterdamair.fr\/blog\/actualite\/pollution-de-l-air-la-solution-du-velo\/\">Pollution de l&rsquo;air : la solution du v\u00e9lo<\/a><\/blockquote><iframe sandbox=\"allow-scripts\" security=\"restricted\" src=\"https:\/\/www.amsterdamair.fr\/blog\/actualite\/pollution-de-l-air-la-solution-du-velo\/embed\/#?secret=X23orVTF0j\" width=\"600\" height=\"338\" title=\"\u00ab\u00a0Pollution de l&rsquo;air : la solution du v\u00e9lo\u00a0\u00bb &#8212; Amsterdam Air\" data-secret=\"X23orVTF0j\" frameborder=\"0\" marginwidth=\"0\" marginheight=\"0\" scrolling=\"no\" class=\"wp-embedded-content\"><\/iframe><script type=\"text\/javascript\">\n\/* <![CDATA[ *\/\n\/*! This file is auto-generated *\/\n!function(d,l){\"use strict\";l.querySelector&&d.addEventListener&&\"undefined\"!=typeof URL&&(d.wp=d.wp||{},d.wp.receiveEmbedMessage||(d.wp.receiveEmbedMessage=function(e){var t=e.data;if((t||t.secret||t.message||t.value)&&!\/[^a-zA-Z0-9]\/.test(t.secret)){for(var s,r,n,a=l.querySelectorAll('iframe[data-secret=\"'+t.secret+'\"]'),o=l.querySelectorAll('blockquote[data-secret=\"'+t.secret+'\"]'),c=new RegExp(\"^https?:$\",\"i\"),i=0;i<o.length;i++)o[i].style.display=\"none\";for(i=0;i<a.length;i++)s=a[i],e.source===s.contentWindow&&(s.removeAttribute(\"style\"),\"height\"===t.message?(1e3<(r=parseInt(t.value,10))?r=1e3:~~r<200&&(r=200),s.height=r):\"link\"===t.message&&(r=new URL(s.getAttribute(\"src\")),n=new URL(t.value),c.test(n.protocol))&&n.host===r.host&&l.activeElement===s&&(d.top.location.href=t.value))}},d.addEventListener(\"message\",d.wp.receiveEmbedMessage,!1),l.addEventListener(\"DOMContentLoaded\",function(){for(var e,t,s=l.querySelectorAll(\"iframe.wp-embedded-content\"),r=0;r<s.length;r++)(t=(e=s[r]).getAttribute(\"data-secret\"))||(t=Math.random().toString(36).substring(2,12),e.src+=\"#?secret=\"+t,e.setAttribute(\"data-secret\",t)),e.contentWindow.postMessage({message:\"ready\",secret:t},\"*\")},!1)))}(window,document);\n\/* ]]> *\/\n<\/script>\n","thumbnail_url":"https:\/\/www.amsterdamair.fr\/blog\/wp-content\/mediafiles\/2016\/04\/pollutionair__062380800_1753_17072015.jpg","thumbnail_width":600,"thumbnail_height":400,"description":"Ce mercredi 15 juillet, le S\u00e9nat rendait public son rapport sur le co\u00fbt de la pollution de l'air pour la soci\u00e9t\u00e9, le co\u00fbt de l'inaction. Et si l'action la plus pertinente \u00e9tait d'encourager l'usage du v\u00e9lo ?"}